{"id":156,"date":"2021-10-11T20:52:30","date_gmt":"2021-10-11T18:52:30","guid":{"rendered":"http:\/\/re-par-bike.com\/?page_id=156"},"modified":"2026-04-23T11:57:19","modified_gmt":"2026-04-23T09:57:19","slug":"occasion-2","status":"publish","type":"page","link":"https:\/\/re-par-bike.com\/index.php\/occasion-2\/","title":{"rendered":"Occasions"},"content":{"rendered":"\n<div class=\"wp-block-columns are-vertically-aligned-top is-layout-flex wp-container-core-columns-is-layout-9d6595d7 wp-block-columns-is-layout-flex\">\n<div class=\"wp-block-column is-vertically-aligned-top is-layout-flow wp-block-column-is-layout-flow\" style=\"flex-basis:100%\">\n<div class=\"wp-block-columns is-layout-flex wp-container-core-columns-is-layout-9d6595d7 wp-block-columns-is-layout-flex\">\n<div class=\"wp-block-column is-layout-flow wp-block-column-is-layout-flow\" style=\"flex-basis:100%\">\n<p>V\u00e9los reconditionn\u00e9s, dont une s\u00e9lection par Marcel a.k.a Ours \u00e0 V\u00e9lo .<\/p>\n\n\n\n<p>les v\u00e9los sont garantis 3 mois .<\/p>\n<\/div>\n<\/div>\n\n\n\n<div class=\"wp-block-media-text is-stacked-on-mobile\" style=\"grid-template-columns:69% auto\"><figure class=\"wp-block-media-text__media\"><img loading=\"lazy\" decoding=\"async\" width=\"1024\" height=\"768\" src=\"https:\/\/re-par-bike.com\/wp-content\/uploads\/2026\/04\/WhatsApp-Image-2026-04-23-at-09.47.05-1024x768.jpeg\" alt=\"\" class=\"wp-image-1348 size-full\" srcset=\"https:\/\/re-par-bike.com\/wp-content\/uploads\/2026\/04\/WhatsApp-Image-2026-04-23-at-09.47.05-1024x768.jpeg 1024w, https:\/\/re-par-bike.com\/wp-content\/uploads\/2026\/04\/WhatsApp-Image-2026-04-23-at-09.47.05-300x225.jpeg 300w, https:\/\/re-par-bike.com\/wp-content\/uploads\/2026\/04\/WhatsApp-Image-2026-04-23-at-09.47.05-768x576.jpeg 768w, https:\/\/re-par-bike.com\/wp-content\/uploads\/2026\/04\/WhatsApp-Image-2026-04-23-at-09.47.05-1536x1152.jpeg 1536w, https:\/\/re-par-bike.com\/wp-content\/uploads\/2026\/04\/WhatsApp-Image-2026-04-23-at-09.47.05.jpeg 2000w\" sizes=\"auto, (max-width: 767px) 89vw, (max-width: 1000px) 54vw, (max-width: 1071px) 543px, 580px\" \/><\/figure><div class=\"wp-block-media-text__content\">\n<p>FATBIKE Michael Blast Greaser <strong>1990\u20ac<\/strong><\/p>\n\n\n\n<p>700km                    moteur Bafang 250W brid\u00e9 25km\/h,            d\u00e9brid\u00e9 30km\/h (pour usage sur terrain priv\u00e9) autonomie entre 30 et 60km                     freinage Hydraulique <\/p>\n\n\n\n<p>Valeur neuf 2500\u20ac<\/p>\n<\/div><\/div>\n<\/div>\n<\/div>\n\n\n\n<div class=\"wp-block-media-text is-stacked-on-mobile\" style=\"grid-template-columns:70% auto\"><figure class=\"wp-block-media-text__media\"><img loading=\"lazy\" decoding=\"async\" width=\"1024\" height=\"768\" src=\"https:\/\/re-par-bike.com\/wp-content\/uploads\/2025\/12\/WhatsApp-Image-2025-12-13-at-18.43.37-1024x768.jpeg\" alt=\"\" class=\"wp-image-1224 size-full\" srcset=\"https:\/\/re-par-bike.com\/wp-content\/uploads\/2025\/12\/WhatsApp-Image-2025-12-13-at-18.43.37-1024x768.jpeg 1024w, https:\/\/re-par-bike.com\/wp-content\/uploads\/2025\/12\/WhatsApp-Image-2025-12-13-at-18.43.37-300x225.jpeg 300w, https:\/\/re-par-bike.com\/wp-content\/uploads\/2025\/12\/WhatsApp-Image-2025-12-13-at-18.43.37-768x576.jpeg 768w, https:\/\/re-par-bike.com\/wp-content\/uploads\/2025\/12\/WhatsApp-Image-2025-12-13-at-18.43.37-1536x1152.jpeg 1536w, https:\/\/re-par-bike.com\/wp-content\/uploads\/2025\/12\/WhatsApp-Image-2025-12-13-at-18.43.37.jpeg 2000w\" sizes=\"auto, (max-width: 767px) 89vw, (max-width: 1000px) 54vw, (max-width: 1071px) 543px, 580px\" \/><\/figure><div class=\"wp-block-media-text__content\">\n<p><\/p>\n\n\n\n<p>V\u00e9lo de Katy <strong>290\u20ac<\/strong><\/p>\n\n\n\n<p>simple et efficace, roue 28 pouces, cadre alu taille 45 et 51, entre 1m55 et 1m90 , 6 vitesses. poids : Poids : 16kg<\/p>\n\n\n\n<p>Porte bagage pouvant accueillir un si\u00e8ge enfant<\/p>\n<\/div><\/div>\n\n\n\n<div class=\"wp-block-media-text alignwide is-stacked-on-mobile\" style=\"grid-template-columns:70% auto\"><figure class=\"wp-block-media-text__media\"><img loading=\"lazy\" decoding=\"async\" width=\"734\" height=\"505\" src=\"https:\/\/re-par-bike.com\/wp-content\/uploads\/2025\/10\/velo-transporteur-bimas-a3-3-28-pouces-3-vitesses.jpg\" alt=\"\" class=\"wp-image-1162 size-full\" srcset=\"https:\/\/re-par-bike.com\/wp-content\/uploads\/2025\/10\/velo-transporteur-bimas-a3-3-28-pouces-3-vitesses.jpg 734w, https:\/\/re-par-bike.com\/wp-content\/uploads\/2025\/10\/velo-transporteur-bimas-a3-3-28-pouces-3-vitesses-300x206.jpg 300w\" sizes=\"auto, (max-width: 734px) 100vw, 734px\" \/><\/figure><div class=\"wp-block-media-text__content\">\n<p>V\u00e9lo de ville Bimas Transporteur &#8211; <strong>700\u20ac<\/strong><\/p>\n\n\n\n<p>Etat neuf     confortable et robuste 2 portes bagages.         3 vitesses.                 pour une personne entre 1m65 et 1m80<\/p>\n\n\n\n<p><\/p>\n<\/div><\/div>\n\n\n\n<div class=\"wp-block-media-text alignwide is-stacked-on-mobile\" style=\"grid-template-columns:70% auto\"><figure class=\"wp-block-media-text__media\"><img loading=\"lazy\" decoding=\"async\" width=\"1024\" height=\"676\" src=\"https:\/\/re-par-bike.com\/wp-content\/uploads\/2025\/02\/b991956b-b70f-4ff2-beab-691e40d37e37-1024x676.jpg\" alt=\"\" class=\"wp-image-1001 size-full\" srcset=\"https:\/\/re-par-bike.com\/wp-content\/uploads\/2025\/02\/b991956b-b70f-4ff2-beab-691e40d37e37-1024x676.jpg 1024w, https:\/\/re-par-bike.com\/wp-content\/uploads\/2025\/02\/b991956b-b70f-4ff2-beab-691e40d37e37-300x198.jpg 300w, https:\/\/re-par-bike.com\/wp-content\/uploads\/2025\/02\/b991956b-b70f-4ff2-beab-691e40d37e37-768x507.jpg 768w, https:\/\/re-par-bike.com\/wp-content\/uploads\/2025\/02\/b991956b-b70f-4ff2-beab-691e40d37e37-1536x1014.jpg 1536w, https:\/\/re-par-bike.com\/wp-content\/uploads\/2025\/02\/b991956b-b70f-4ff2-beab-691e40d37e37.jpg 1704w\" sizes=\"auto, (max-width: 767px) 89vw, (max-width: 1000px) 54vw, (max-width: 1071px) 543px, 580px\" \/><\/figure><div class=\"wp-block-media-text__content\">\n<p>course EXS response alsora &#8211; <strong>500\u20ac<\/strong><\/p>\n\n\n\n<p>V\u00e9lo course  en alu taille L pour personne entre 1m75 et 1m90. 2&#215;7 vitesses .poids 10kg<\/p>\n<\/div><\/div>\n\n\n\n<div class=\"wp-block-media-text alignwide is-stacked-on-mobile\" style=\"grid-template-columns:70% auto\"><figure class=\"wp-block-media-text__media\"><img loading=\"lazy\" decoding=\"async\" width=\"1024\" height=\"768\" src=\"https:\/\/re-par-bike.com\/wp-content\/uploads\/2025\/12\/IMG-20251225-WA0002-1024x768.jpg\" alt=\"\" class=\"wp-image-1241 size-full\" srcset=\"https:\/\/re-par-bike.com\/wp-content\/uploads\/2025\/12\/IMG-20251225-WA0002-1024x768.jpg 1024w, https:\/\/re-par-bike.com\/wp-content\/uploads\/2025\/12\/IMG-20251225-WA0002-300x225.jpg 300w, https:\/\/re-par-bike.com\/wp-content\/uploads\/2025\/12\/IMG-20251225-WA0002-768x576.jpg 768w, https:\/\/re-par-bike.com\/wp-content\/uploads\/2025\/12\/IMG-20251225-WA0002-1536x1152.jpg 1536w, https:\/\/re-par-bike.com\/wp-content\/uploads\/2025\/12\/IMG-20251225-WA0002.jpg 2000w\" sizes=\"auto, (max-width: 767px) 89vw, (max-width: 1000px) 54vw, (max-width: 1071px) 543px, 580px\" \/><\/figure><div class=\"wp-block-media-text__content\">\n<p>VTT kawasaki taille M\/L customis\u00e9 &#8211;<strong>350<\/strong>\u20ac<\/p>\n\n\n\n<p>vtt kawasaki taille M\/L pour personne entre 1m60 et 1m75. poids 10kg<\/p>\n<\/div><\/div>\n\n\n\n<div class=\"wp-block-media-text alignwide is-stacked-on-mobile\" style=\"grid-template-columns:70% auto\"><figure class=\"wp-block-media-text__media\"><img loading=\"lazy\" decoding=\"async\" width=\"1024\" height=\"768\" src=\"https:\/\/re-par-bike.com\/wp-content\/uploads\/2026\/02\/IMG-20260219-WA0000-1024x768.jpg\" alt=\"\" class=\"wp-image-1284 size-full\" srcset=\"https:\/\/re-par-bike.com\/wp-content\/uploads\/2026\/02\/IMG-20260219-WA0000-1024x768.jpg 1024w, https:\/\/re-par-bike.com\/wp-content\/uploads\/2026\/02\/IMG-20260219-WA0000-300x225.jpg 300w, https:\/\/re-par-bike.com\/wp-content\/uploads\/2026\/02\/IMG-20260219-WA0000-768x576.jpg 768w, https:\/\/re-par-bike.com\/wp-content\/uploads\/2026\/02\/IMG-20260219-WA0000-1536x1152.jpg 1536w, https:\/\/re-par-bike.com\/wp-content\/uploads\/2026\/02\/IMG-20260219-WA0000.jpg 2000w\" sizes=\"auto, (max-width: 767px) 89vw, (max-width: 1000px) 54vw, (max-width: 1071px) 543px, 580px\" \/><\/figure><div class=\"wp-block-media-text__content\">\n<p>Peugeot Course &#8211; <strong>350e<\/strong><\/p>\n\n\n\n<p>v\u00e9lo course vintage Peugeot des 80&rsquo;s vert cadre carbolite 103 l\u00e9ger taille 57  pour personne entre 1m70 et 1m85.                D\u00e9railleur 7 vitesses. poids 10kg<\/p>\n<\/div><\/div>\n\n\n\n<div class=\"wp-block-media-text alignwide is-stacked-on-mobile\" style=\"grid-template-columns:70% auto\"><figure class=\"wp-block-media-text__media\"><img loading=\"lazy\" decoding=\"async\" width=\"1024\" height=\"683\" src=\"https:\/\/re-par-bike.com\/wp-content\/uploads\/2025\/02\/56183717-782b-4784-a142-6ffb4e42d87d-1024x683.jpg\" alt=\"\" class=\"wp-image-1006 size-full\" srcset=\"https:\/\/re-par-bike.com\/wp-content\/uploads\/2025\/02\/56183717-782b-4784-a142-6ffb4e42d87d-1024x683.jpg 1024w, https:\/\/re-par-bike.com\/wp-content\/uploads\/2025\/02\/56183717-782b-4784-a142-6ffb4e42d87d-300x200.jpg 300w, https:\/\/re-par-bike.com\/wp-content\/uploads\/2025\/02\/56183717-782b-4784-a142-6ffb4e42d87d-768x512.jpg 768w, https:\/\/re-par-bike.com\/wp-content\/uploads\/2025\/02\/56183717-782b-4784-a142-6ffb4e42d87d-1536x1024.jpg 1536w, https:\/\/re-par-bike.com\/wp-content\/uploads\/2025\/02\/56183717-782b-4784-a142-6ffb4e42d87d.jpg 1687w\" sizes=\"auto, (max-width: 767px) 89vw, (max-width: 1000px) 54vw, (max-width: 1071px) 543px, 580px\" \/><\/figure><div class=\"wp-block-media-text__content\">\n<p>course Mercier rose taille 60 &#8211; <strong>300e<\/strong><\/p>\n\n\n\n<p>V\u00e9lo course mercier rose taille 60 pour personne entre 1m80 et 1m90. 2&#215;6 vitesses poids 11kg<\/p>\n<\/div><\/div>\n\n\n\n<p><\/p>\n\n\n\n<div class=\"wp-block-media-text alignwide is-stacked-on-mobile\" style=\"grid-template-columns:70% auto\"><figure class=\"wp-block-media-text__media\"><img loading=\"lazy\" decoding=\"async\" width=\"1024\" height=\"768\" src=\"https:\/\/re-par-bike.com\/wp-content\/uploads\/2026\/04\/IMG-20260407-WA0002-1024x768.jpg\" alt=\"\" class=\"wp-image-1321 size-full\" srcset=\"https:\/\/re-par-bike.com\/wp-content\/uploads\/2026\/04\/IMG-20260407-WA0002-1024x768.jpg 1024w, https:\/\/re-par-bike.com\/wp-content\/uploads\/2026\/04\/IMG-20260407-WA0002-300x225.jpg 300w, https:\/\/re-par-bike.com\/wp-content\/uploads\/2026\/04\/IMG-20260407-WA0002-768x576.jpg 768w, https:\/\/re-par-bike.com\/wp-content\/uploads\/2026\/04\/IMG-20260407-WA0002-1536x1152.jpg 1536w, https:\/\/re-par-bike.com\/wp-content\/uploads\/2026\/04\/IMG-20260407-WA0002.jpg 2000w\" sizes=\"auto, (max-width: 767px) 89vw, (max-width: 1000px) 54vw, (max-width: 1071px) 543px, 580px\" \/><\/figure><div class=\"wp-block-media-text__content\">\n<p>V\u00e9lo singlespeed Gitane &#8211; <strong>280\u20ac<\/strong><\/p>\n\n\n\n<p>V\u00e9lo monovitesse gitane jaune pale taille 60, pour personne entre 1m80 et 1m90.<\/p>\n\n\n\n<p>poids 10kg<\/p>\n<\/div><\/div>\n\n\n\n<div class=\"wp-block-media-text alignwide is-stacked-on-mobile\" style=\"grid-template-columns:70% auto\"><figure class=\"wp-block-media-text__media\"><img loading=\"lazy\" decoding=\"async\" width=\"1024\" height=\"768\" src=\"https:\/\/re-par-bike.com\/wp-content\/uploads\/2026\/01\/IMG-20260104-WA0003-1024x768.jpg\" alt=\"\" class=\"wp-image-1255 size-full\" srcset=\"https:\/\/re-par-bike.com\/wp-content\/uploads\/2026\/01\/IMG-20260104-WA0003-1024x768.jpg 1024w, https:\/\/re-par-bike.com\/wp-content\/uploads\/2026\/01\/IMG-20260104-WA0003-300x225.jpg 300w, https:\/\/re-par-bike.com\/wp-content\/uploads\/2026\/01\/IMG-20260104-WA0003-768x576.jpg 768w, https:\/\/re-par-bike.com\/wp-content\/uploads\/2026\/01\/IMG-20260104-WA0003-1536x1152.jpg 1536w, https:\/\/re-par-bike.com\/wp-content\/uploads\/2026\/01\/IMG-20260104-WA0003.jpg 2000w\" sizes=\"auto, (max-width: 767px) 89vw, (max-width: 1000px) 54vw, (max-width: 1071px) 543px, 580px\" \/><\/figure><div class=\"wp-block-media-text__content\">\n<p>V\u00e9lo porteur NY knicks Orange &#8211; <strong>270\u20ac<\/strong><\/p>\n\n\n\n<p>V\u00e9lo mono vitesse orange porteur taille 56 pour personne entre 1m70 et 1m90. poids 12kg<\/p>\n<\/div><\/div>\n\n\n\n<div class=\"wp-block-media-text alignwide is-stacked-on-mobile\" style=\"grid-template-columns:70% auto\"><figure class=\"wp-block-media-text__media\"><img loading=\"lazy\" decoding=\"async\" width=\"1024\" height=\"683\" src=\"https:\/\/re-par-bike.com\/wp-content\/uploads\/2026\/04\/IMG-20260407-WA0000-1024x683.jpg\" alt=\"\" class=\"wp-image-1323 size-full\" srcset=\"https:\/\/re-par-bike.com\/wp-content\/uploads\/2026\/04\/IMG-20260407-WA0000-1024x683.jpg 1024w, https:\/\/re-par-bike.com\/wp-content\/uploads\/2026\/04\/IMG-20260407-WA0000-300x200.jpg 300w, https:\/\/re-par-bike.com\/wp-content\/uploads\/2026\/04\/IMG-20260407-WA0000-768x512.jpg 768w, https:\/\/re-par-bike.com\/wp-content\/uploads\/2026\/04\/IMG-20260407-WA0000-1536x1024.jpg 1536w, https:\/\/re-par-bike.com\/wp-content\/uploads\/2026\/04\/IMG-20260407-WA0000.jpg 1678w\" sizes=\"auto, (max-width: 767px) 89vw, (max-width: 1000px) 54vw, (max-width: 1071px) 543px, 580px\" \/><\/figure><div class=\"wp-block-media-text__content\">\n<p>V\u00e9lo singlespeed CARO &#8211; <strong>270\u20ac<\/strong><\/p>\n\n\n\n<p>V\u00e9lo monovitesse gitane orange pale taille 58, pour personne entre 1m75 et 1m85.<\/p>\n\n\n\n<p>poids 10kg<\/p>\n<\/div><\/div>\n\n\n\n<div class=\"wp-block-media-text alignwide is-stacked-on-mobile\" style=\"grid-template-columns:70% auto\"><figure class=\"wp-block-media-text__media\"><img loading=\"lazy\" decoding=\"async\" width=\"1024\" height=\"768\" src=\"https:\/\/re-par-bike.com\/wp-content\/uploads\/2026\/03\/IMG-20260327-WA0003-1024x768.jpg\" alt=\"\" class=\"wp-image-1305 size-full\" srcset=\"https:\/\/re-par-bike.com\/wp-content\/uploads\/2026\/03\/IMG-20260327-WA0003-1024x768.jpg 1024w, https:\/\/re-par-bike.com\/wp-content\/uploads\/2026\/03\/IMG-20260327-WA0003-300x225.jpg 300w, https:\/\/re-par-bike.com\/wp-content\/uploads\/2026\/03\/IMG-20260327-WA0003-768x576.jpg 768w, https:\/\/re-par-bike.com\/wp-content\/uploads\/2026\/03\/IMG-20260327-WA0003-1536x1152.jpg 1536w, https:\/\/re-par-bike.com\/wp-content\/uploads\/2026\/03\/IMG-20260327-WA0003.jpg 2000w\" sizes=\"auto, (max-width: 767px) 89vw, (max-width: 1000px) 54vw, (max-width: 1071px) 543px, 580px\" \/><\/figure><div class=\"wp-block-media-text__content\">\n<p>V\u00e9lo singlespeed 6KU blanc &#8211; <strong>260\u20ac<\/strong><\/p>\n\n\n\n<p>V\u00e9lo monovitesse 6ku blanc  taille 58, pour personne entre 1m75 et 1m90.<\/p>\n\n\n\n<p>poids 11kg<\/p>\n<\/div><\/div>\n\n\n\n<div class=\"wp-block-media-text alignwide is-stacked-on-mobile\" style=\"grid-template-columns:70% auto\"><figure class=\"wp-block-media-text__media\"><img loading=\"lazy\" decoding=\"async\" width=\"1024\" height=\"768\" src=\"https:\/\/re-par-bike.com\/wp-content\/uploads\/2026\/03\/IMG-20260327-WA0001-1024x768.jpg\" alt=\"\" class=\"wp-image-1307 size-full\" srcset=\"https:\/\/re-par-bike.com\/wp-content\/uploads\/2026\/03\/IMG-20260327-WA0001-1024x768.jpg 1024w, https:\/\/re-par-bike.com\/wp-content\/uploads\/2026\/03\/IMG-20260327-WA0001-300x225.jpg 300w, https:\/\/re-par-bike.com\/wp-content\/uploads\/2026\/03\/IMG-20260327-WA0001-768x576.jpg 768w, https:\/\/re-par-bike.com\/wp-content\/uploads\/2026\/03\/IMG-20260327-WA0001-1536x1152.jpg 1536w, https:\/\/re-par-bike.com\/wp-content\/uploads\/2026\/03\/IMG-20260327-WA0001.jpg 2000w\" sizes=\"auto, (max-width: 767px) 89vw, (max-width: 1000px) 54vw, (max-width: 1071px) 543px, 580px\" \/><\/figure><div class=\"wp-block-media-text__content\">\n<p>V\u00e9lo singlespeed Mercier gris &#8211; <strong>250\u20ac<\/strong><\/p>\n\n\n\n<p>V\u00e9lo monovitesseMERCIERgris taille 60, pour personne entre 1m75 et 1m90.   poids 11kg<\/p>\n\n\n\n<p><\/p>\n<\/div><\/div>\n\n\n\n<div class=\"wp-block-media-text alignwide is-stacked-on-mobile\" style=\"grid-template-columns:70% auto\"><figure class=\"wp-block-media-text__media\"><img loading=\"lazy\" decoding=\"async\" width=\"1024\" height=\"702\" src=\"https:\/\/re-par-bike.com\/wp-content\/uploads\/2026\/01\/IMG-20260104-WA0002-1024x702.jpg\" alt=\"\" class=\"wp-image-1256 size-full\" srcset=\"https:\/\/re-par-bike.com\/wp-content\/uploads\/2026\/01\/IMG-20260104-WA0002-1024x702.jpg 1024w, https:\/\/re-par-bike.com\/wp-content\/uploads\/2026\/01\/IMG-20260104-WA0002-300x206.jpg 300w, https:\/\/re-par-bike.com\/wp-content\/uploads\/2026\/01\/IMG-20260104-WA0002-768x527.jpg 768w, https:\/\/re-par-bike.com\/wp-content\/uploads\/2026\/01\/IMG-20260104-WA0002-1536x1053.jpg 1536w, https:\/\/re-par-bike.com\/wp-content\/uploads\/2026\/01\/IMG-20260104-WA0002.jpg 1781w\" sizes=\"auto, (max-width: 767px) 89vw, (max-width: 1000px) 54vw, (max-width: 1071px) 543px, 580px\" \/><\/figure><div class=\"wp-block-media-text__content\">\n<p>V\u00e9lo singlespeed Gitane &#8211; <strong>250\u20ac<\/strong><\/p>\n\n\n\n<p>V\u00e9lo monovitesse gitane jaune pale taille 56, pour personne entre 1m70 et 1m80.<\/p>\n\n\n\n<p>poids 10kg<\/p>\n<\/div><\/div>\n\n\n\n<div class=\"wp-block-media-text alignwide is-stacked-on-mobile\" style=\"grid-template-columns:70% auto\"><figure class=\"wp-block-media-text__media\"><img loading=\"lazy\" decoding=\"async\" width=\"1024\" height=\"768\" src=\"https:\/\/re-par-bike.com\/wp-content\/uploads\/2025\/10\/567b149a-c6bb-4736-8729-f75658bd7fdc-1024x768.jpg\" alt=\"\" class=\"wp-image-1148 size-full\" srcset=\"https:\/\/re-par-bike.com\/wp-content\/uploads\/2025\/10\/567b149a-c6bb-4736-8729-f75658bd7fdc-1024x768.jpg 1024w, https:\/\/re-par-bike.com\/wp-content\/uploads\/2025\/10\/567b149a-c6bb-4736-8729-f75658bd7fdc-300x225.jpg 300w, https:\/\/re-par-bike.com\/wp-content\/uploads\/2025\/10\/567b149a-c6bb-4736-8729-f75658bd7fdc-768x576.jpg 768w, https:\/\/re-par-bike.com\/wp-content\/uploads\/2025\/10\/567b149a-c6bb-4736-8729-f75658bd7fdc-1536x1152.jpg 1536w, https:\/\/re-par-bike.com\/wp-content\/uploads\/2025\/10\/567b149a-c6bb-4736-8729-f75658bd7fdc.jpg 1600w\" sizes=\"auto, (max-width: 767px) 89vw, (max-width: 1000px) 54vw, (max-width: 1071px) 543px, 580px\" \/><\/figure><div class=\"wp-block-media-text__content\">\n<p>Randonneuse Peugeot Course &#8211; <strong>250e<\/strong><\/p>\n\n\n\n<p>randonneuse vintage Peugeot des 80&rsquo;s cadre HLE l\u00e9ger et robuste taille 57pour personne entre 1m65 et 1m80. D\u00e9railleurs Simplex 2&#215;6 vitesses. poids 13kg<\/p>\n<\/div><\/div>\n\n\n\n<div class=\"wp-block-media-text alignwide is-stacked-on-mobile\" style=\"grid-template-columns:70% auto\"><figure class=\"wp-block-media-text__media\"><img loading=\"lazy\" decoding=\"async\" width=\"1024\" height=\"768\" src=\"https:\/\/re-par-bike.com\/wp-content\/uploads\/2026\/02\/IMG-20260228-WA0001-1024x768.jpg\" alt=\"\" class=\"wp-image-1289 size-full\" srcset=\"https:\/\/re-par-bike.com\/wp-content\/uploads\/2026\/02\/IMG-20260228-WA0001-1024x768.jpg 1024w, https:\/\/re-par-bike.com\/wp-content\/uploads\/2026\/02\/IMG-20260228-WA0001-300x225.jpg 300w, https:\/\/re-par-bike.com\/wp-content\/uploads\/2026\/02\/IMG-20260228-WA0001-768x576.jpg 768w, https:\/\/re-par-bike.com\/wp-content\/uploads\/2026\/02\/IMG-20260228-WA0001-1536x1152.jpg 1536w, https:\/\/re-par-bike.com\/wp-content\/uploads\/2026\/02\/IMG-20260228-WA0001.jpg 2000w\" sizes=\"auto, (max-width: 767px) 89vw, (max-width: 1000px) 54vw, (max-width: 1071px) 543px, 580px\" \/><\/figure><div class=\"wp-block-media-text__content\">\n<p>Peugeot Course &#8211; <strong>200e<\/strong><\/p>\n\n\n\n<p>v\u00e9lo course vintage Peugeot des 90&rsquo;s cadre HLE robuste  taille 54 pour personne entre 1m55 et 1m70. D\u00e9railleurs 2&#215;6 vitesses. poids 10kg<\/p>\n<\/div><\/div>\n\n\n\n<div class=\"wp-block-media-text alignwide is-stacked-on-mobile\" style=\"grid-template-columns:70% auto\"><figure class=\"wp-block-media-text__media\"><img loading=\"lazy\" decoding=\"async\" width=\"1024\" height=\"685\" src=\"https:\/\/re-par-bike.com\/wp-content\/uploads\/2023\/09\/d5b4917b-8ae6-4df3-b6a8-c29937894e00-1024x685.jpg\" alt=\"\" class=\"wp-image-664 size-full\" srcset=\"https:\/\/re-par-bike.com\/wp-content\/uploads\/2023\/09\/d5b4917b-8ae6-4df3-b6a8-c29937894e00-1024x685.jpg 1024w, https:\/\/re-par-bike.com\/wp-content\/uploads\/2023\/09\/d5b4917b-8ae6-4df3-b6a8-c29937894e00-300x201.jpg 300w, https:\/\/re-par-bike.com\/wp-content\/uploads\/2023\/09\/d5b4917b-8ae6-4df3-b6a8-c29937894e00-768x513.jpg 768w, https:\/\/re-par-bike.com\/wp-content\/uploads\/2023\/09\/d5b4917b-8ae6-4df3-b6a8-c29937894e00-1536x1027.jpg 1536w, https:\/\/re-par-bike.com\/wp-content\/uploads\/2023\/09\/d5b4917b-8ae6-4df3-b6a8-c29937894e00.jpg 2048w\" sizes=\"auto, (max-width: 767px) 89vw, (max-width: 1000px) 54vw, (max-width: 1071px) 543px, 580px\" \/><\/figure><div class=\"wp-block-media-text__content\">\n<p>Randonneuse Raleigh bleu &#8211; <strong>200\u20ac<\/strong><\/p>\n\n\n\n<p>V\u00e9lo randonneuse Raleigh bleu ciel Cadre taille  62 pour personne entre 1m85 et 1m95.  D\u00e9railleurs simplex 2&#215;5 vitesses.   poids 12kg<\/p>\n<\/div><\/div>\n\n\n\n<div class=\"wp-block-media-text alignwide is-stacked-on-mobile\" style=\"grid-template-columns:70% auto\"><figure class=\"wp-block-media-text__media\"><img loading=\"lazy\" decoding=\"async\" width=\"1024\" height=\"768\" src=\"https:\/\/re-par-bike.com\/wp-content\/uploads\/2025\/05\/20250524_151422-1024x768.jpg\" alt=\"\" class=\"wp-image-1050 size-full\" srcset=\"https:\/\/re-par-bike.com\/wp-content\/uploads\/2025\/05\/20250524_151422-1024x768.jpg 1024w, https:\/\/re-par-bike.com\/wp-content\/uploads\/2025\/05\/20250524_151422-300x225.jpg 300w, https:\/\/re-par-bike.com\/wp-content\/uploads\/2025\/05\/20250524_151422-768x576.jpg 768w, https:\/\/re-par-bike.com\/wp-content\/uploads\/2025\/05\/20250524_151422-1536x1152.jpg 1536w, https:\/\/re-par-bike.com\/wp-content\/uploads\/2025\/05\/20250524_151422-2048x1536.jpg 2048w\" sizes=\"auto, (max-width: 767px) 89vw, (max-width: 1000px) 54vw, (max-width: 1071px) 543px, 580px\" \/><\/figure><div class=\"wp-block-media-text__content\">\n<p>V\u00e9lo course <strong>COLOMBUS &#8211; 200\u20ac<\/strong><\/p>\n\n\n\n<p>V\u00e9lo course Colombus beige\/noir taille 57 \u00e9quip\u00e9 full Mavic pour personne entre 1m70 et 1m80. D\u00e9railleur 2&#215;7 vitesses. poids 10kg<\/p>\n<\/div><\/div>\n\n\n\n<div class=\"wp-block-media-text alignwide is-stacked-on-mobile\" style=\"grid-template-columns:70% auto\"><figure class=\"wp-block-media-text__media\"><img loading=\"lazy\" decoding=\"async\" width=\"1024\" height=\"768\" src=\"https:\/\/re-par-bike.com\/wp-content\/uploads\/2025\/10\/ab38d04e-f145-46a5-8b84-ff5ac7308828-1024x768.jpg\" alt=\"\" class=\"wp-image-1168 size-full\" srcset=\"https:\/\/re-par-bike.com\/wp-content\/uploads\/2025\/10\/ab38d04e-f145-46a5-8b84-ff5ac7308828-1024x768.jpg 1024w, https:\/\/re-par-bike.com\/wp-content\/uploads\/2025\/10\/ab38d04e-f145-46a5-8b84-ff5ac7308828-300x225.jpg 300w, https:\/\/re-par-bike.com\/wp-content\/uploads\/2025\/10\/ab38d04e-f145-46a5-8b84-ff5ac7308828-768x576.jpg 768w, https:\/\/re-par-bike.com\/wp-content\/uploads\/2025\/10\/ab38d04e-f145-46a5-8b84-ff5ac7308828-1536x1152.jpg 1536w, https:\/\/re-par-bike.com\/wp-content\/uploads\/2025\/10\/ab38d04e-f145-46a5-8b84-ff5ac7308828.jpg 2040w\" sizes=\"auto, (max-width: 767px) 89vw, (max-width: 1000px) 54vw, (max-width: 1071px) 543px, 580px\" \/><\/figure><div class=\"wp-block-media-text__content\">\n<p>V\u00e9lo singlespeed Gitane sprint &#8211;<strong> 200\u20ac<\/strong><\/p>\n\n\n\n<p>V\u00e9lo monovitesse gitane jaune pale taille 58, pour personne entre 1m75 et 1m85.<\/p>\n\n\n\n<p>poids 11kg<\/p>\n<\/div><\/div>\n\n\n\n<div class=\"wp-block-media-text alignwide is-stacked-on-mobile\" style=\"grid-template-columns:70% auto\"><figure class=\"wp-block-media-text__media\"><img loading=\"lazy\" decoding=\"async\" width=\"1024\" height=\"768\" src=\"https:\/\/re-par-bike.com\/wp-content\/uploads\/2024\/05\/3c3553e4-37c8-47a1-a1f6-491747f48bf1-1024x768.jpg\" alt=\"\" class=\"wp-image-767 size-full\" srcset=\"https:\/\/re-par-bike.com\/wp-content\/uploads\/2024\/05\/3c3553e4-37c8-47a1-a1f6-491747f48bf1-1024x768.jpg 1024w, https:\/\/re-par-bike.com\/wp-content\/uploads\/2024\/05\/3c3553e4-37c8-47a1-a1f6-491747f48bf1-300x225.jpg 300w, https:\/\/re-par-bike.com\/wp-content\/uploads\/2024\/05\/3c3553e4-37c8-47a1-a1f6-491747f48bf1-768x576.jpg 768w, https:\/\/re-par-bike.com\/wp-content\/uploads\/2024\/05\/3c3553e4-37c8-47a1-a1f6-491747f48bf1-1536x1152.jpg 1536w, https:\/\/re-par-bike.com\/wp-content\/uploads\/2024\/05\/3c3553e4-37c8-47a1-a1f6-491747f48bf1.jpg 2040w\" sizes=\"auto, (max-width: 767px) 89vw, (max-width: 1000px) 54vw, (max-width: 1071px) 543px, 580px\" \/><\/figure><div class=\"wp-block-media-text__content\">\n<p>Course Peugeot PR10 &#8211; <strong>180\u20ac<\/strong><\/p>\n\n\n\n<p>V\u00e9lo course Peugeot PR10 cadre taille 58 personne entre 1m75 et 1m90. D\u00e9railleur simplex 2&#215;6 vitesses. poids 11kg<\/p>\n<\/div><\/div>\n\n\n\n<div class=\"wp-block-media-text alignwide is-stacked-on-mobile\" style=\"grid-template-columns:70% auto\"><figure class=\"wp-block-media-text__media\"><img loading=\"lazy\" decoding=\"async\" width=\"1024\" height=\"710\" src=\"https:\/\/re-par-bike.com\/wp-content\/uploads\/2024\/03\/WhatsApp-Image-2024-03-15-at-14.44.43-1-1024x710.jpeg\" alt=\"\" class=\"wp-image-747 size-full\" srcset=\"https:\/\/re-par-bike.com\/wp-content\/uploads\/2024\/03\/WhatsApp-Image-2024-03-15-at-14.44.43-1-1024x710.jpeg 1024w, https:\/\/re-par-bike.com\/wp-content\/uploads\/2024\/03\/WhatsApp-Image-2024-03-15-at-14.44.43-1-300x208.jpeg 300w, https:\/\/re-par-bike.com\/wp-content\/uploads\/2024\/03\/WhatsApp-Image-2024-03-15-at-14.44.43-1-768x533.jpeg 768w, https:\/\/re-par-bike.com\/wp-content\/uploads\/2024\/03\/WhatsApp-Image-2024-03-15-at-14.44.43-1-1536x1065.jpeg 1536w, https:\/\/re-par-bike.com\/wp-content\/uploads\/2024\/03\/WhatsApp-Image-2024-03-15-at-14.44.43-1.jpeg 1785w\" sizes=\"auto, (max-width: 767px) 89vw, (max-width: 1000px) 54vw, (max-width: 1071px) 543px, 580px\" \/><\/figure><div class=\"wp-block-media-text__content\">\n<p>V\u00e9lo course MBK sprint &#8211; <strong>180\u20ac<\/strong><\/p>\n\n\n\n<p>V\u00e9lo course MBK sprint bleu taille 59,  pour personne entre 1m75 et 1m90.        D\u00e9railleur 2&#215;5 vitesses.   poids 12kg<\/p>\n<\/div><\/div>\n\n\n\n<div class=\"wp-block-media-text alignwide is-stacked-on-mobile\" style=\"grid-template-columns:70% auto\"><figure class=\"wp-block-media-text__media\"><img loading=\"lazy\" decoding=\"async\" width=\"1024\" height=\"768\" src=\"https:\/\/re-par-bike.com\/wp-content\/uploads\/2025\/10\/74d9043e-03d5-4a5d-b663-af16c8dcd0ce-1024x768.jpg\" alt=\"\" class=\"wp-image-1147 size-full\" srcset=\"https:\/\/re-par-bike.com\/wp-content\/uploads\/2025\/10\/74d9043e-03d5-4a5d-b663-af16c8dcd0ce-1024x768.jpg 1024w, https:\/\/re-par-bike.com\/wp-content\/uploads\/2025\/10\/74d9043e-03d5-4a5d-b663-af16c8dcd0ce-300x225.jpg 300w, https:\/\/re-par-bike.com\/wp-content\/uploads\/2025\/10\/74d9043e-03d5-4a5d-b663-af16c8dcd0ce-768x576.jpg 768w, https:\/\/re-par-bike.com\/wp-content\/uploads\/2025\/10\/74d9043e-03d5-4a5d-b663-af16c8dcd0ce-1536x1152.jpg 1536w, https:\/\/re-par-bike.com\/wp-content\/uploads\/2025\/10\/74d9043e-03d5-4a5d-b663-af16c8dcd0ce.jpg 1600w\" sizes=\"auto, (max-width: 767px) 89vw, (max-width: 1000px) 54vw, (max-width: 1071px) 543px, 580px\" \/><\/figure><div class=\"wp-block-media-text__content\">\n<p>V\u00e9lo de ville Peugeot rose &#8211; <strong>170e<\/strong><\/p>\n\n\n\n<p>v\u00e9lo de ville vintage Peugeot Bretagne des 80&rsquo;s cadre HLE pour personne entre 1m65 et 1m80. D\u00e9railleurs Simplex 2&#215;6 vitesses. poids 12kg<\/p>\n<\/div><\/div>\n\n\n\n<div class=\"wp-block-media-text alignwide is-stacked-on-mobile\" style=\"grid-template-columns:70% auto\"><figure class=\"wp-block-media-text__media\"><img loading=\"lazy\" decoding=\"async\" width=\"1024\" height=\"633\" src=\"https:\/\/re-par-bike.com\/wp-content\/uploads\/2025\/08\/9c4169c6-97b4-4a71-81b8-13d3b376d4ae-1024x633.jpg\" alt=\"\" class=\"wp-image-1114 size-full\" srcset=\"https:\/\/re-par-bike.com\/wp-content\/uploads\/2025\/08\/9c4169c6-97b4-4a71-81b8-13d3b376d4ae-1024x633.jpg 1024w, https:\/\/re-par-bike.com\/wp-content\/uploads\/2025\/08\/9c4169c6-97b4-4a71-81b8-13d3b376d4ae-300x186.jpg 300w, https:\/\/re-par-bike.com\/wp-content\/uploads\/2025\/08\/9c4169c6-97b4-4a71-81b8-13d3b376d4ae-768x475.jpg 768w, https:\/\/re-par-bike.com\/wp-content\/uploads\/2025\/08\/9c4169c6-97b4-4a71-81b8-13d3b376d4ae-1536x950.jpg 1536w, https:\/\/re-par-bike.com\/wp-content\/uploads\/2025\/08\/9c4169c6-97b4-4a71-81b8-13d3b376d4ae.jpg 1783w\" sizes=\"auto, (max-width: 767px) 89vw, (max-width: 1000px) 54vw, (max-width: 1071px) 543px, 580px\" \/><\/figure><div class=\"wp-block-media-text__content\">\n<p>demi-course Anquetil orange &#8211; <strong>170\u20ac<\/strong><\/p>\n\n\n\n<p>V\u00e9lo randonneuse Mercier gris, cadre taille 58 pour personne entre 1m75 et 1m90. D\u00e9railleur simplex 2&#215;5 vitesses. poids 12kg<\/p>\n<\/div><\/div>\n\n\n\n<div class=\"wp-block-media-text alignwide is-stacked-on-mobile\" style=\"grid-template-columns:70% auto\"><figure class=\"wp-block-media-text__media\"><img loading=\"lazy\" decoding=\"async\" width=\"1024\" height=\"768\" src=\"https:\/\/re-par-bike.com\/wp-content\/uploads\/2026\/04\/IMG-20260414-WA0000-1024x768.jpg\" alt=\"\" class=\"wp-image-1341 size-full\" srcset=\"https:\/\/re-par-bike.com\/wp-content\/uploads\/2026\/04\/IMG-20260414-WA0000-1024x768.jpg 1024w, https:\/\/re-par-bike.com\/wp-content\/uploads\/2026\/04\/IMG-20260414-WA0000-300x225.jpg 300w, https:\/\/re-par-bike.com\/wp-content\/uploads\/2026\/04\/IMG-20260414-WA0000-768x576.jpg 768w, https:\/\/re-par-bike.com\/wp-content\/uploads\/2026\/04\/IMG-20260414-WA0000-1536x1152.jpg 1536w, https:\/\/re-par-bike.com\/wp-content\/uploads\/2026\/04\/IMG-20260414-WA0000.jpg 2000w\" sizes=\"auto, (max-width: 767px) 89vw, (max-width: 1000px) 54vw, (max-width: 1071px) 543px, 580px\" \/><\/figure><div class=\"wp-block-media-text__content\">\n<p>Course mercier dor\u00e9 &#8211; <strong>200\u20ac<\/strong><\/p>\n\n\n\n<p>V\u00e9lo course Mercier cadre taille 58 pour personne entre 1m75 et 1m85. D\u00e9railleurs simplex 2&#215;5 vitesses. <\/p>\n\n\n\n<p>poids 12kg <\/p>\n\n\n\n<p><\/p>\n<\/div><\/div>\n\n\n\n<div class=\"wp-block-media-text alignwide is-stacked-on-mobile\" style=\"grid-template-columns:70% auto\"><figure class=\"wp-block-media-text__media\"><img loading=\"lazy\" decoding=\"async\" width=\"1024\" height=\"768\" src=\"https:\/\/re-par-bike.com\/wp-content\/uploads\/2026\/02\/IMG-20260228-WA0000-1024x768.jpg\" alt=\"\" class=\"wp-image-1291 size-full\" srcset=\"https:\/\/re-par-bike.com\/wp-content\/uploads\/2026\/02\/IMG-20260228-WA0000-1024x768.jpg 1024w, https:\/\/re-par-bike.com\/wp-content\/uploads\/2026\/02\/IMG-20260228-WA0000-300x225.jpg 300w, https:\/\/re-par-bike.com\/wp-content\/uploads\/2026\/02\/IMG-20260228-WA0000-768x576.jpg 768w, https:\/\/re-par-bike.com\/wp-content\/uploads\/2026\/02\/IMG-20260228-WA0000-1536x1152.jpg 1536w, https:\/\/re-par-bike.com\/wp-content\/uploads\/2026\/02\/IMG-20260228-WA0000.jpg 2000w\" sizes=\"auto, (max-width: 767px) 89vw, (max-width: 1000px) 54vw, (max-width: 1071px) 543px, 580px\" \/><\/figure><div class=\"wp-block-media-text__content\">\n<p>V\u00e9lo ville Peugeot &#8211; <strong>150e<\/strong><\/p>\n\n\n\n<p>V\u00e9lo ville Peugeot cuivre pour personne entre 1m55 et 1m70.<\/p>\n\n\n\n<p>2&#215;5 VITESSES<\/p>\n\n\n\n<p><\/p>\n<\/div><\/div>\n\n\n\n<div class=\"wp-block-media-text alignwide is-stacked-on-mobile\" style=\"grid-template-columns:70% auto\"><figure class=\"wp-block-media-text__media\"><img loading=\"lazy\" decoding=\"async\" width=\"1024\" height=\"768\" src=\"https:\/\/re-par-bike.com\/wp-content\/uploads\/2025\/08\/1000007190-1024x768.jpg\" alt=\"\" class=\"wp-image-1104 size-full\" srcset=\"https:\/\/re-par-bike.com\/wp-content\/uploads\/2025\/08\/1000007190-1024x768.jpg 1024w, https:\/\/re-par-bike.com\/wp-content\/uploads\/2025\/08\/1000007190-300x225.jpg 300w, https:\/\/re-par-bike.com\/wp-content\/uploads\/2025\/08\/1000007190-768x576.jpg 768w, https:\/\/re-par-bike.com\/wp-content\/uploads\/2025\/08\/1000007190-1536x1152.jpg 1536w, https:\/\/re-par-bike.com\/wp-content\/uploads\/2025\/08\/1000007190.jpg 2000w\" sizes=\"auto, (max-width: 767px) 89vw, (max-width: 1000px) 54vw, (max-width: 1071px) 543px, 580px\" \/><\/figure><div class=\"wp-block-media-text__content\">\n<p>randonneuse Mercier gris &#8211; <strong>100\u20ac<\/strong><\/p>\n\n\n\n<p>V\u00e9lo randonneuse Mercier gris, cadre taille 53 pour personne entre 1m50 et 1m65. D\u00e9railleur simplex 2&#215;5 vitesses. poids 13kg<\/p>\n<\/div><\/div>\n\n\n\n<div class=\"wp-block-media-text alignwide is-stacked-on-mobile\" style=\"grid-template-columns:70% auto\"><figure class=\"wp-block-media-text__media\"><img loading=\"lazy\" decoding=\"async\" width=\"810\" height=\"569\" src=\"https:\/\/re-par-bike.com\/wp-content\/uploads\/2025\/10\/Resized_motion_photo_6786128166316145551-1.jpg\" alt=\"\" class=\"wp-image-1177 size-full\" srcset=\"https:\/\/re-par-bike.com\/wp-content\/uploads\/2025\/10\/Resized_motion_photo_6786128166316145551-1.jpg 810w, https:\/\/re-par-bike.com\/wp-content\/uploads\/2025\/10\/Resized_motion_photo_6786128166316145551-1-300x211.jpg 300w, https:\/\/re-par-bike.com\/wp-content\/uploads\/2025\/10\/Resized_motion_photo_6786128166316145551-1-768x539.jpg 768w\" sizes=\"auto, (max-width: 767px) 89vw, (max-width: 1000px) 54vw, (max-width: 1071px) 543px, 580px\" \/><\/figure><div class=\"wp-block-media-text__content\">\n<p>V\u00e9lo ville Peugeot bleu &#8211; <strong>120e<\/strong><\/p>\n\n\n\n<p>V\u00e9lo ville Peugeot bleu Reims  pour personne entre 1m55 et 1m70.<\/p>\n\n\n\n<p>3 VITESSES<\/p>\n\n\n\n<p>en cours de restauration<\/p>\n<\/div><\/div>\n\n\n\n<div class=\"wp-block-media-text alignwide is-stacked-on-mobile\" style=\"grid-template-columns:70% auto\"><figure class=\"wp-block-media-text__media\"><img loading=\"lazy\" decoding=\"async\" width=\"1024\" height=\"768\" src=\"https:\/\/re-par-bike.com\/wp-content\/uploads\/2026\/04\/IMG-20260418-WA0000-1024x768.jpg\" alt=\"\" class=\"wp-image-1344 size-full\" srcset=\"https:\/\/re-par-bike.com\/wp-content\/uploads\/2026\/04\/IMG-20260418-WA0000-1024x768.jpg 1024w, https:\/\/re-par-bike.com\/wp-content\/uploads\/2026\/04\/IMG-20260418-WA0000-300x225.jpg 300w, https:\/\/re-par-bike.com\/wp-content\/uploads\/2026\/04\/IMG-20260418-WA0000-768x576.jpg 768w, https:\/\/re-par-bike.com\/wp-content\/uploads\/2026\/04\/IMG-20260418-WA0000-1536x1152.jpg 1536w, https:\/\/re-par-bike.com\/wp-content\/uploads\/2026\/04\/IMG-20260418-WA0000.jpg 2000w\" sizes=\"auto, (max-width: 767px) 89vw, (max-width: 1000px) 54vw, (max-width: 1071px) 543px, 580px\" \/><\/figure><div class=\"wp-block-media-text__content\">\n<p>V\u00e9lo de ville Peugeot noir &#8211; <strong>100e<\/strong><\/p>\n\n\n\n<p>v\u00e9lo de ville vintage Peugeot 80&rsquo;s cadre HLE pour personne entre 1m55 et 1m70. Monovitesse.            Poids 11kg<\/p>\n\n\n\n<p><\/p>\n<\/div><\/div>\n\n\n\n<div class=\"wp-block-media-text alignwide is-stacked-on-mobile\" style=\"grid-template-columns:70% auto\"><figure class=\"wp-block-media-text__media\"><img loading=\"lazy\" decoding=\"async\" width=\"1024\" height=\"765\" src=\"https:\/\/re-par-bike.com\/wp-content\/uploads\/2024\/11\/3ce0b659-fe14-4d6d-a517-1eddf8c395ca-1024x765.jpeg\" alt=\"\" class=\"wp-image-894 size-full\" srcset=\"https:\/\/re-par-bike.com\/wp-content\/uploads\/2024\/11\/3ce0b659-fe14-4d6d-a517-1eddf8c395ca-1024x765.jpeg 1024w, https:\/\/re-par-bike.com\/wp-content\/uploads\/2024\/11\/3ce0b659-fe14-4d6d-a517-1eddf8c395ca-300x224.jpeg 300w, https:\/\/re-par-bike.com\/wp-content\/uploads\/2024\/11\/3ce0b659-fe14-4d6d-a517-1eddf8c395ca-768x574.jpeg 768w, https:\/\/re-par-bike.com\/wp-content\/uploads\/2024\/11\/3ce0b659-fe14-4d6d-a517-1eddf8c395ca.jpeg 1280w\" sizes=\"auto, (max-width: 767px) 89vw, (max-width: 1000px) 54vw, (max-width: 1071px) 543px, 580px\" \/><\/figure><div class=\"wp-block-media-text__content\">\n<p>BMX SPADES &#8211; <strong>90\u20ac<\/strong><\/p>\n\n\n\n<p><\/p>\n\n\n\n<p><\/p>\n\n\n\n<p><\/p>\n<\/div><\/div>\n\n\n\n<div class=\"wp-block-media-text alignwide is-stacked-on-mobile\" style=\"grid-template-columns:70% auto\"><figure class=\"wp-block-media-text__media\"><img loading=\"lazy\" decoding=\"async\" width=\"1024\" height=\"768\" src=\"https:\/\/re-par-bike.com\/wp-content\/uploads\/2024\/09\/8e4035bf-075e-459e-b310-22df81565faf-1024x768.jpg\" alt=\"\" class=\"wp-image-833 size-full\" srcset=\"https:\/\/re-par-bike.com\/wp-content\/uploads\/2024\/09\/8e4035bf-075e-459e-b310-22df81565faf-1024x768.jpg 1024w, https:\/\/re-par-bike.com\/wp-content\/uploads\/2024\/09\/8e4035bf-075e-459e-b310-22df81565faf-300x225.jpg 300w, https:\/\/re-par-bike.com\/wp-content\/uploads\/2024\/09\/8e4035bf-075e-459e-b310-22df81565faf-768x576.jpg 768w, https:\/\/re-par-bike.com\/wp-content\/uploads\/2024\/09\/8e4035bf-075e-459e-b310-22df81565faf-1536x1152.jpg 1536w, https:\/\/re-par-bike.com\/wp-content\/uploads\/2024\/09\/8e4035bf-075e-459e-b310-22df81565faf.jpg 2007w\" sizes=\"auto, (max-width: 767px) 89vw, (max-width: 1000px) 54vw, (max-width: 1071px) 543px, 580px\" \/><\/figure><div class=\"wp-block-media-text__content\">\n<p>randonneuse Kolbe &#8211; <strong>70\u20ac<\/strong><\/p>\n\n\n\n<p>V\u00e9lo randonneuse Kolbe gris alu pour personne entre 1m55 et 1m70. 3 vitesses. frein  \u00e0 r\u00e9trop\u00e9dalage poids 12 kg<\/p>\n\n\n\n<p><\/p>\n<\/div><\/div>\n\n\n\n<div class=\"wp-block-media-text alignwide is-stacked-on-mobile\" style=\"grid-template-columns:70% auto\"><figure class=\"wp-block-media-text__media\"><img loading=\"lazy\" decoding=\"async\" width=\"1024\" height=\"787\" src=\"https:\/\/re-par-bike.com\/wp-content\/uploads\/2025\/06\/20250618_174308-1024x787.jpg\" alt=\"\" class=\"wp-image-1076 size-full\" srcset=\"https:\/\/re-par-bike.com\/wp-content\/uploads\/2025\/06\/20250618_174308-1024x787.jpg 1024w, https:\/\/re-par-bike.com\/wp-content\/uploads\/2025\/06\/20250618_174308-300x231.jpg 300w, https:\/\/re-par-bike.com\/wp-content\/uploads\/2025\/06\/20250618_174308-768x590.jpg 768w, https:\/\/re-par-bike.com\/wp-content\/uploads\/2025\/06\/20250618_174308-1536x1181.jpg 1536w, https:\/\/re-par-bike.com\/wp-content\/uploads\/2025\/06\/20250618_174308-2048x1574.jpg 2048w\" sizes=\"auto, (max-width: 767px) 89vw, (max-width: 1000px) 54vw, (max-width: 1071px) 543px, 580px\" \/><\/figure><div class=\"wp-block-media-text__content\">\n<p>VELO 24 POUCES BTWIN NOIR\/rose &#8211; <strong>70\u20ac<\/strong><\/p>\n\n\n\n<p><\/p>\n\n\n\n<p><\/p>\n\n\n\n<p><\/p>\n<\/div><\/div>\n\n\n\n<div class=\"wp-block-media-text alignwide is-stacked-on-mobile\" style=\"grid-template-columns:70% auto\"><figure class=\"wp-block-media-text__media\"><img loading=\"lazy\" decoding=\"async\" width=\"1024\" height=\"768\" src=\"https:\/\/re-par-bike.com\/wp-content\/uploads\/2025\/10\/IMG-20251016-WA0001-1024x768.jpg\" alt=\"\" class=\"wp-image-1158 size-full\" srcset=\"https:\/\/re-par-bike.com\/wp-content\/uploads\/2025\/10\/IMG-20251016-WA0001-1024x768.jpg 1024w, https:\/\/re-par-bike.com\/wp-content\/uploads\/2025\/10\/IMG-20251016-WA0001-300x225.jpg 300w, https:\/\/re-par-bike.com\/wp-content\/uploads\/2025\/10\/IMG-20251016-WA0001-768x576.jpg 768w, https:\/\/re-par-bike.com\/wp-content\/uploads\/2025\/10\/IMG-20251016-WA0001-1536x1152.jpg 1536w, https:\/\/re-par-bike.com\/wp-content\/uploads\/2025\/10\/IMG-20251016-WA0001.jpg 2000w\" sizes=\"auto, (max-width: 767px) 89vw, (max-width: 1000px) 54vw, (max-width: 1071px) 543px, 580px\" \/><\/figure><div class=\"wp-block-media-text__content\">\n<p>VELO 24 POUCES GRIS &#8211; <strong>50\u20ac<\/strong><\/p>\n\n\n\n<p><\/p>\n\n\n\n<p><\/p>\n\n\n\n<p><\/p>\n<\/div><\/div>\n\n\n\n<div class=\"wp-block-media-text alignwide is-stacked-on-mobile\" style=\"grid-template-columns:70% auto\"><figure class=\"wp-block-media-text__media\"><img loading=\"lazy\" decoding=\"async\" width=\"1024\" height=\"768\" src=\"https:\/\/re-par-bike.com\/wp-content\/uploads\/2025\/10\/IMG-20251016-WA0003-1024x768.jpg\" alt=\"\" class=\"wp-image-1156 size-full\" srcset=\"https:\/\/re-par-bike.com\/wp-content\/uploads\/2025\/10\/IMG-20251016-WA0003-1024x768.jpg 1024w, https:\/\/re-par-bike.com\/wp-content\/uploads\/2025\/10\/IMG-20251016-WA0003-300x225.jpg 300w, https:\/\/re-par-bike.com\/wp-content\/uploads\/2025\/10\/IMG-20251016-WA0003-768x576.jpg 768w, https:\/\/re-par-bike.com\/wp-content\/uploads\/2025\/10\/IMG-20251016-WA0003-1536x1152.jpg 1536w, https:\/\/re-par-bike.com\/wp-content\/uploads\/2025\/10\/IMG-20251016-WA0003.jpg 2000w\" sizes=\"auto, (max-width: 767px) 89vw, (max-width: 1000px) 54vw, (max-width: 1071px) 543px, 580px\" \/><\/figure><div class=\"wp-block-media-text__content\">\n<p>VELO 14 POUCES SPIDERMAN &#8211; <strong>50\u20ac<\/strong><\/p>\n\n\n\n<p><\/p>\n\n\n\n<p><\/p>\n\n\n\n<p><\/p>\n<\/div><\/div>\n\n\n\n<p><\/p>\n\n\n\n<h2 class=\"wp-block-heading\"><\/h2>\n","protected":false},"excerpt":{"rendered":"<p>V\u00e9los reconditionn\u00e9s, dont une s\u00e9lection par Marcel a.k.a Ours \u00e0 V\u00e9lo . les v\u00e9los sont garantis 3 mois . FATBIKE Michael Blast Greaser 1990\u20ac 700km moteur Bafang 250W brid\u00e9 25km\/h, d\u00e9brid\u00e9 30km\/h (pour usage sur terrain priv\u00e9) autonomie entre 30 et 60km freinage Hydraulique Valeur neuf 2500\u20ac V\u00e9lo de Katy 290\u20ac simple et efficace, roue &hellip; <\/p>\n<p class=\"link-more\"><a href=\"https:\/\/re-par-bike.com\/index.php\/occasion-2\/\" class=\"more-link\">Continuer la lecture<span class=\"screen-reader-text\"> de &laquo;&nbsp;Occasions&nbsp;&raquo;<\/span><\/a><\/p>\n","protected":false},"author":1,"featured_media":0,"parent":0,"menu_order":0,"comment_status":"closed","ping_status":"closed","template":"","meta":{"footnotes":""},"class_list":["post-156","page","type-page","status-publish","hentry"],"_links":{"self":[{"href":"https:\/\/re-par-bike.com\/index.php\/wp-json\/wp\/v2\/pages\/156","targetHints":{"allow":["GET"]}}],"collection":[{"href":"https:\/\/re-par-bike.com\/index.php\/wp-json\/wp\/v2\/pages"}],"about":[{"href":"https:\/\/re-par-bike.com\/index.php\/wp-json\/wp\/v2\/types\/page"}],"author":[{"embeddable":true,"href":"https:\/\/re-par-bike.com\/index.php\/wp-json\/wp\/v2\/users\/1"}],"replies":[{"embeddable":true,"href":"https:\/\/re-par-bike.com\/index.php\/wp-json\/wp\/v2\/comments?post=156"}],"version-history":[{"count":281,"href":"https:\/\/re-par-bike.com\/index.php\/wp-json\/wp\/v2\/pages\/156\/revisions"}],"predecessor-version":[{"id":1351,"href":"https:\/\/re-par-bike.com\/index.php\/wp-json\/wp\/v2\/pages\/156\/revisions\/1351"}],"wp:attachment":[{"href":"https:\/\/re-par-bike.com\/index.php\/wp-json\/wp\/v2\/media?parent=156"}],"curies":[{"name":"wp","href":"https:\/\/api.w.org\/{rel}","templated":true}]}}